{"id":85152,"date":"2021-09-09T11:08:11","date_gmt":"2021-09-09T11:08:11","guid":{"rendered":"https:\/\/rociomontoya.es\/?page_id=85152"},"modified":"2021-09-23T14:28:59","modified_gmt":"2021-09-23T14:28:59","slug":"biografia","status":"publish","type":"page","link":"https:\/\/rociomontoya.es\/index.php\/biografia\/","title":{"rendered":"BIOGRAF\u00cdA"},"content":{"rendered":"<p>[vc_row row_height_percent=&#8221;0&#8243; override_padding=&#8221;yes&#8221; h_padding=&#8221;2&#8243; top_padding=&#8221;0&#8243; bottom_padding=&#8221;0&#8243; overlay_alpha=&#8221;50&#8243; gutter_size=&#8221;3&#8243; column_width_percent=&#8221;100&#8243; shift_y=&#8221;0&#8243; z_index=&#8221;0&#8243;][vc_column column_width_use_pixel=&#8221;yes&#8221; gutter_size=&#8221;2&#8243; font_family=&#8221;font-202503&#8243; overlay_alpha=&#8221;50&#8243; shift_x=&#8221;0&#8243; shift_y=&#8221;0&#8243; shift_y_down=&#8221;0&#8243; z_index=&#8221;0&#8243; medium_width=&#8221;0&#8243; align_mobile=&#8221;align_center_mobile&#8221; mobile_width=&#8221;0&#8243; width=&#8221;1\/1&#8243; column_width_pixel=&#8221;800&#8243;][vc_column_text text_lead=&#8221;yes&#8221; uncode_shortcode_id=&#8221;163914&#8243;]<\/p>\n<h5><\/h5>\n<h5><\/h5>\n<h5>Comenz\u00f3 a bailar Flamenco a los 4 a\u00f1os de la mano de la profesora Marich\u00fa en Granada, su ciudad natal, donde continu\u00f3 posteriormente su formaci\u00f3n con numerosos maestros, entre ellos a destacar, Maite Gal\u00e1n y Mario Maya.<br \/>\nEs Diplomada en Danza Espa\u00f1ola por el Conservatorio Profesional de Danza Reina Sof\u00eda de Granada.<br \/>\nPosee el T\u00edtulo Profesional Superior de Danza Espa\u00f1ola.<\/h5>\n<h5>Tras terminar sus estudios de Danza, Roc\u00edo empieza a trabajar en la Compa\u00f1\u00eda de Flamenco de Mario Maya con los espect\u00e1culos &#8220;1&#8230;2\u20263&#8230;faaa&#8221; y &#8220;Di\u00e1logos del Amargo&#8221;, actuando en el teatro del Palacio Carlos V de Granada, en la Bienal de Flamenco de Sevilla, en el Festival Flamenco de Jerez y en el teatro Gran v\u00eda de Madrid.<br \/>\nParticip\u00f3 como Bailaora del Centro Andaluz de Danza con el espect\u00e1culo flamenco &#8220;Los Caminos de Lorca&#8221;, bajo la direcci\u00f3n art\u00edstica de Pepa Gamboa y Cristina Hoyos. Compartiendo escenario con Bel\u00e9n Maya y Rafaela Carrasco, actuando en el famoso Festival de m\u00fasica y danza de Granada y en la Bienal de flamenco de Sevilla.<\/h5>\n<h5>A los 21 a\u00f1os de edad se traslada a Madrid debutando como bailaora solista y donde entra a formar parte de la compa\u00f1\u00eda de Rafaela Carrasco, con el espect\u00e1culo &#8220;Una mirada del Flamenco&#8221; con el cual participa en diferentes festivales flamencos nacionales e internacionales.<br \/>\nPaco Mora, con los espect\u00e1culos &#8220;Wallada, El Sue\u00f1o de un Poeta Cordob\u00e9s&#8221;, programado en el Teatro Nuevo Apolo de Madrid durante tres meses, y &#8220;Bodas de Sangre&#8221; con el que hace gira por Europa y Asia.<br \/>\nA la edad de 22 a\u00f1os estrena su propio espect\u00e1culo flamenco &#8220;Acordes pintados con palabras&#8221; en el teatro granadino &#8220;La Chumbera&#8221;, posteriormente realizando una gira con \u00e9l por Espa\u00f1a.<\/h5>\n<h5>Con esa misma edad form\u00f3 parte de la compa\u00f1\u00eda suiza &#8220;Flamencos en Route&#8221;, dirigida por la bailarina Brigitta Luisa Merki. Realizando una gira por Europa con el espect\u00e1culo &#8220;M\u00edrame&#8221;.<\/h5>\n<h5><\/h5>\n<p>[\/vc_column_text][vc_row_inner limit_content=&#8221;&#8221;][vc_column_inner width=&#8221;1\/1&#8243;][vc_gallery el_id=&#8221;gallery-151482&#8243; type=&#8221;carousel&#8221; medias=&#8221;85100,85101,85097,85098&#8243; carousel_lg=&#8221;3&#8243; carousel_md=&#8221;3&#8243; carousel_sm=&#8221;1&#8243; gutter_size=&#8221;2&#8243; media_items=&#8221;media|nolink|original,title,caption,description&#8221; carousel_interval=&#8221;3000&#8243; carousel_navspeed=&#8221;400&#8243; stage_padding=&#8221;0&#8243; single_overlay_opacity=&#8221;50&#8243; single_image_anim=&#8221;no&#8221; single_h_align=&#8221;center&#8221; single_padding=&#8221;3&#8243; single_title_dimension=&#8221;h3&#8243; single_title_weight=&#8221;400&#8243; single_border=&#8221;yes&#8221; items=&#8221;eyI1NjY4OF9pIjp7InNpbmdsZV9pY29uIjoiIiwic2luZ2xlX3dpZHRoIjoiMTIiLCJpbWFnZXNfc2l6ZSI6InNpeHRlZW4tbmluZSJ9LCI1ODQ3MF9pIjp7InNpbmdsZV93aWR0aCI6IjEyIiwiaW1hZ2VzX3NpemUiOiJmb3VyLXRocmVlIn19&#8243;][\/vc_column_inner][\/vc_row_inner][vc_separator sep_color=&#8221;color-xsdn&#8221;][vc_separator sep_color=&#8221;color-xsdn&#8221;][\/vc_column][\/vc_row][vc_row row_height_percent=&#8221;0&#8243; override_padding=&#8221;yes&#8221; h_padding=&#8221;2&#8243; top_padding=&#8221;0&#8243; bottom_padding=&#8221;0&#8243; overlay_alpha=&#8221;50&#8243; gutter_size=&#8221;3&#8243; column_width_percent=&#8221;100&#8243; shift_y=&#8221;0&#8243; z_index=&#8221;0&#8243;][vc_column column_width_use_pixel=&#8221;yes&#8221; gutter_size=&#8221;2&#8243; font_family=&#8221;font-202503&#8243; overlay_alpha=&#8221;50&#8243; shift_x=&#8221;0&#8243; shift_y=&#8221;0&#8243; shift_y_down=&#8221;0&#8243; z_index=&#8221;0&#8243; medium_width=&#8221;0&#8243; align_mobile=&#8221;align_center_mobile&#8221; mobile_width=&#8221;0&#8243; width=&#8221;1\/1&#8243; column_width_pixel=&#8221;800&#8243;][vc_gallery el_id=&#8221;gallery-151482-959-663-477-283&#8243; type=&#8221;justified&#8221; medias=&#8221;85139&#8243; dynamic=&#8221;yes&#8221; justify_row_height=&#8221;450&#8243; gutter_size=&#8221;2&#8243; media_items=&#8221;media|nolink|original,title,caption,description&#8221; single_overlay_opacity=&#8221;50&#8243; single_image_anim=&#8221;no&#8221; single_h_align=&#8221;center&#8221; single_padding=&#8221;3&#8243; single_title_dimension=&#8221;h3&#8243; single_title_weight=&#8221;400&#8243; single_border=&#8221;yes&#8221; items=&#8221;eyI1NjY4OF9pIjp7InNpbmdsZV9pY29uIjoiIiwic2luZ2xlX3dpZHRoIjoiMTIiLCJpbWFnZXNfc2l6ZSI6InNpeHRlZW4tbmluZSJ9LCI1ODQ3MF9pIjp7InNpbmdsZV93aWR0aCI6IjEyIiwiaW1hZ2VzX3NpemUiOiJmb3VyLXRocmVlIn19&#8243;][vc_row_inner limit_content=&#8221;&#8221;][vc_column_inner width=&#8221;1\/1&#8243;][vc_column_text text_lead=&#8221;yes&#8221; uncode_shortcode_id=&#8221;602115&#8243;]<\/p>\n<h5>A los 23 a\u00f1os empieza a trabajar como bailarina\/bailaora solista de flamenco en la compa\u00f1\u00eda internacional de danza irlandesa &#8220;Riverdance&#8221;, donde a lo largo de su trayectoria ha recorrido en gira numerosos pa\u00edses y continentes, como por ejemplo: Asia, Europa, \u00c1frica, Australia, Norte Am\u00e9rica, Canad\u00e1, Nueva Zelanda, Israel, Singapur, Dubl\u00edn&#8230;<br \/>\nEn el 2016, Roc\u00edo es llamada como core\u00f3grafa y bailaora solista para la compa\u00f1\u00eda internacional irlandesa &#8220;Heartbeat of Home&#8221;, donde act\u00faa con gran \u00e9xito internacional por todo el mundo.<\/h5>\n<p>[\/vc_column_text][vc_gallery el_id=&#8221;gallery-151482-959&#8243; medias=&#8221;85103,85104,85105,85106,85114,85115&#8243; gutter_size=&#8221;2&#8243; media_items=&#8221;media|nolink|original,title,caption,description&#8221; screen_lg=&#8221;1000&#8243; screen_md=&#8221;600&#8243; screen_sm=&#8221;480&#8243; single_overlay_opacity=&#8221;50&#8243; single_image_anim=&#8221;no&#8221; single_h_align=&#8221;center&#8221; single_padding=&#8221;3&#8243; single_title_dimension=&#8221;h3&#8243; single_title_weight=&#8221;400&#8243; single_border=&#8221;yes&#8221; items=&#8221;eyI1NjY4OF9pIjp7InNpbmdsZV9pY29uIjoiIiwic2luZ2xlX3dpZHRoIjoiMTIiLCJpbWFnZXNfc2l6ZSI6InNpeHRlZW4tbmluZSJ9LCI1ODQ3MF9pIjp7InNpbmdsZV93aWR0aCI6IjEyIiwiaW1hZ2VzX3NpemUiOiJmb3VyLXRocmVlIn19&#8243;][\/vc_column_inner][\/vc_row_inner][vc_column_text text_lead=&#8221;yes&#8221; uncode_shortcode_id=&#8221;205563&#8243;]<\/p>\n<h5>Enamorada del flamenco y de sus ra\u00edces desde peque\u00f1a, ha bailado en diferentes pe\u00f1as y festivales flamencos de Granada y Andaluc\u00eda.<br \/>\nAdem\u00e1s de pasar por los grandes escenarios de gran parte del mundo, Roc\u00edo ha trabajado como bailaora solista en numerosos tablaos de Granada, Madrid, Sevilla y Washington DC.<br \/>\nEn 2013 crea y dirige su propia compa\u00f1\u00eda con sede en el prestigioso Hotel Alhambra Palace de Granada donde a\u00fan representan peri\u00f3dicamente el espect\u00e1culo flamenco y cl\u00e1sico Espa\u00f1ol &#8220;Alhambra Baila&#8221;.<\/h5>\n<p>[\/vc_column_text][vc_separator sep_color=&#8221;color-xsdn&#8221;][vc_gallery el_id=&#8221;gallery-151482-959-663&#8243; medias=&#8221;85128,85129&#8243; gutter_size=&#8221;2&#8243; media_items=&#8221;media|nolink|original,title,caption,description&#8221; screen_lg=&#8221;1000&#8243; screen_md=&#8221;600&#8243; screen_sm=&#8221;480&#8243; single_overlay_opacity=&#8221;50&#8243; single_image_anim=&#8221;no&#8221; single_h_align=&#8221;center&#8221; single_padding=&#8221;3&#8243; single_title_dimension=&#8221;h3&#8243; single_title_weight=&#8221;400&#8243; single_border=&#8221;yes&#8221; items=&#8221;eyI1NjY4OF9pIjp7InNpbmdsZV9pY29uIjoiIiwic2luZ2xlX3dpZHRoIjoiMTIiLCJpbWFnZXNfc2l6ZSI6InNpeHRlZW4tbmluZSJ9LCI1ODQ3MF9pIjp7InNpbmdsZV93aWR0aCI6IjEyIiwiaW1hZ2VzX3NpemUiOiJmb3VyLXRocmVlIn19&#8243; uncode_shortcode_id=&#8221;189420&#8243;][vc_separator sep_color=&#8221;color-xsdn&#8221;][vc_column_text text_lead=&#8221;yes&#8221;]<\/p>\n<h5>Premios y Distinciones<br \/>\nEntre los premios obtenidos y distinciones a lo largo de su carrera podr\u00edamos destacar:<\/h5>\n<h5>Primer premio del certamen de coreograf\u00eda, realizado por el Conservatorio Profesional de Danza Reina Sof\u00eda en Granada.<br \/>\nPrimer premio a la mejor coreograf\u00eda en el certamen coreogr\u00e1fico de conservatorios de Danza de Andaluc\u00eda.<br \/>\nPremio a la Artista Revelaci\u00f3n en el I Festival Flamenco ONCE de Andaluc\u00eda.<br \/>\nPremio &#8220;El P\u00fablico&#8221; de Canal Sur Radio y Televisi\u00f3n a la Artista Revelaci\u00f3n 2016.<\/h5>\n<p>[\/vc_column_text][vc_gallery el_id=&#8221;gallery-151482-959-663-477-283-813&#8243; type=&#8221;justified&#8221; medias=&#8221;85134&#8243; justify_row_height=&#8221;450&#8243; gutter_size=&#8221;2&#8243; media_items=&#8221;media|nolink|original,title,caption,description&#8221; single_overlay_opacity=&#8221;50&#8243; single_image_anim=&#8221;no&#8221; single_h_align=&#8221;center&#8221; single_padding=&#8221;3&#8243; single_title_dimension=&#8221;h3&#8243; single_title_weight=&#8221;400&#8243; single_border=&#8221;yes&#8221; items=&#8221;eyI1NjY4OF9pIjp7InNpbmdsZV9pY29uIjoiIiwic2luZ2xlX3dpZHRoIjoiMTIiLCJpbWFnZXNfc2l6ZSI6InNpeHRlZW4tbmluZSJ9LCI1ODQ3MF9pIjp7InNpbmdsZV93aWR0aCI6IjEyIiwiaW1hZ2VzX3NpemUiOiJmb3VyLXRocmVlIn19&#8243; uncode_shortcode_id=&#8221;185000&#8243;][vc_column_text text_lead=&#8221;yes&#8221;]<\/p>\n<h5 style=\"text-align: left;\">Pel\u00edculas a destacar en las que ha participado y trabajado como bailaora:<br \/>\n\u2022&#8221;Lola: la pel\u00edcula&#8221;, dirigida por Miguel Hermoso.<br \/>\n\u2022&#8221;Heartbeat of Home&#8221;, dirigida y producida por Riverdreams.<br \/>\n\u2022&#8221;Riverdance, The Animated Adventure&#8221;.<br \/>\n\u2022&#8221;Riverdance 25th Anniversary Show&#8221;.<\/h5>\n<p>[\/vc_column_text][vc_gallery el_id=&#8221;gallery-151482-959-663-477&#8243; type=&#8221;justified&#8221; medias=&#8221;85137&#8243; justify_row_height=&#8221;300&#8243; gutter_size=&#8221;2&#8243; media_items=&#8221;media|nolink|original,title,caption,description&#8221; single_overlay_opacity=&#8221;50&#8243; single_image_anim=&#8221;no&#8221; single_h_align=&#8221;center&#8221; single_padding=&#8221;3&#8243; single_title_dimension=&#8221;h3&#8243; single_title_weight=&#8221;400&#8243; single_border=&#8221;yes&#8221; items=&#8221;eyI1NjY4OF9pIjp7InNpbmdsZV9pY29uIjoiIiwic2luZ2xlX3dpZHRoIjoiMTIiLCJpbWFnZXNfc2l6ZSI6InNpeHRlZW4tbmluZSJ9LCI1ODQ3MF9pIjp7InNpbmdsZV93aWR0aCI6IjEyIiwiaW1hZ2VzX3NpemUiOiJmb3VyLXRocmVlIn19&#8243; uncode_shortcode_id=&#8221;140471&#8243;][vc_gallery el_id=&#8221;gallery-151482-959-663-477-283-813&#8243; type=&#8221;justified&#8221; medias=&#8221;85138&#8243; justify_row_height=&#8221;300&#8243; gutter_size=&#8221;2&#8243; media_items=&#8221;media|nolink|original,title,caption,description&#8221; single_overlay_opacity=&#8221;50&#8243; single_image_anim=&#8221;no&#8221; single_h_align=&#8221;center&#8221; single_padding=&#8221;3&#8243; single_title_dimension=&#8221;h3&#8243; single_title_weight=&#8221;400&#8243; single_border=&#8221;yes&#8221; items=&#8221;eyI1NjY4OF9pIjp7InNpbmdsZV9pY29uIjoiIiwic2luZ2xlX3dpZHRoIjoiMTIiLCJpbWFnZXNfc2l6ZSI6InNpeHRlZW4tbmluZSJ9LCI1ODQ3MF9pIjp7InNpbmdsZV93aWR0aCI6IjEyIiwiaW1hZ2VzX3NpemUiOiJmb3VyLXRocmVlIn19&#8243; uncode_shortcode_id=&#8221;962247&#8243;][vc_column_text text_lead=&#8221;yes&#8221; uncode_shortcode_id=&#8221;388311&#8243;]<\/p>\n<h5 style=\"text-align: left;\">Actualmente sigue participando como bailarina solista y colaborando como core\u00f3grafa en la compa\u00f1\u00eda Riverdance, y en una segunda, espect\u00e1culo y producci\u00f3n &#8220;Heartbeat of Home&#8221;.<br \/>\nEn su trayectoria profesional compagina los escenarios con la ense\u00f1anza, dando cursos y clases magistrales de flamenco y danza espa\u00f1ola por Espa\u00f1a y el extranjero.<br \/>\nRoc\u00edo cree que nunca se termina de aprender, por eso en el tiempo que tiene libre aprovecha para tomar clases de flamenco y otras disciplinas como el claqu\u00e9, jazz, danza contempor\u00e1nea, etc.<\/h5>\n<p>[\/vc_column_text][\/vc_column][\/vc_row][vc_row][vc_column width=&#8221;1\/1&#8243;][\/vc_column][\/vc_row]<\/p>\n","protected":false},"excerpt":{"rendered":"<p>[vc_row row_height_percent=&#8221;0&#8243; override_padding=&#8221;yes&#8221; h_padding=&#8221;2&#8243; top_padding=&#8221;0&#8243; bottom_padding=&#8221;0&#8243; overlay_alpha=&#8221;50&#8243; gutter_size=&#8221;3&#8243; column_width_percent=&#8221;100&#8243; shift_y=&#8221;0&#8243; z_index=&#8221;0&#8243;][vc_column column_width_use_pixel=&#8221;yes&#8221; gutter_size=&#8221;2&#8243; font_family=&#8221;font-202503&#8243; overlay_alpha=&#8221;50&#8243; shift_x=&#8221;0&#8243; shift_y=&#8221;0&#8243; shift_y_down=&#8221;0&#8243; z_index=&#8221;0&#8243; medium_width=&#8221;0&#8243; [&hellip;]<\/p>\n","protected":false},"author":2,"featured_media":85053,"parent":0,"menu_order":0,"comment_status":"closed","ping_status":"closed","template":"","meta":[],"_links":{"self":[{"href":"https:\/\/rociomontoya.es\/index.php\/wp-json\/wp\/v2\/pages\/85152"}],"collection":[{"href":"https:\/\/rociomontoya.es\/index.php\/wp-json\/wp\/v2\/pages"}],"about":[{"href":"https:\/\/rociomontoya.es\/index.php\/wp-json\/wp\/v2\/types\/page"}],"author":[{"embeddable":true,"href":"https:\/\/rociomontoya.es\/index.php\/wp-json\/wp\/v2\/users\/2"}],"replies":[{"embeddable":true,"href":"https:\/\/rociomontoya.es\/index.php\/wp-json\/wp\/v2\/comments?post=85152"}],"version-history":[{"count":16,"href":"https:\/\/rociomontoya.es\/index.php\/wp-json\/wp\/v2\/pages\/85152\/revisions"}],"predecessor-version":[{"id":101029,"href":"https:\/\/rociomontoya.es\/index.php\/wp-json\/wp\/v2\/pages\/85152\/revisions\/101029"}],"wp:featuredmedia":[{"embeddable":true,"href":"https:\/\/rociomontoya.es\/index.php\/wp-json\/wp\/v2\/media\/85053"}],"wp:attachment":[{"href":"https:\/\/rociomontoya.es\/index.php\/wp-json\/wp\/v2\/media?parent=85152"}],"curies":[{"name":"wp","href":"https:\/\/api.w.org\/{rel}","templated":true}]}}